{"id":75,"date":"2020-09-27T17:35:35","date_gmt":"2020-09-27T15:35:35","guid":{"rendered":"http:\/\/hervelinghen.fr\/?page_id=75"},"modified":"2021-09-24T17:35:36","modified_gmt":"2021-09-24T15:35:36","slug":"coordonnees-et-permanence","status":"publish","type":"page","link":"http:\/\/hervelinghen.fr\/?page_id=75","title":{"rendered":"Coordonn\u00e9es et permanence"},"content":{"rendered":"\t\t<div data-elementor-type=\"wp-page\" data-elementor-id=\"75\" class=\"elementor elementor-75\" data-elementor-settings=\"[]\">\n\t\t\t\t\t\t<div class=\"elementor-inner\">\n\t\t\t\t\t\t\t<div class=\"elementor-section-wrap\">\n\t\t\t\t\t\t\t<section class=\"elementor-section elementor-top-section elementor-element elementor-element-8675f17 elementor-section-boxed elementor-section-height-default elementor-section-height-default\" data-id=\"8675f17\" data-element_type=\"section\">\n\t\t\t\t\t\t<div class=\"elementor-container elementor-column-gap-default\">\n\t\t\t\t\t\t\t<div class=\"elementor-row\">\n\t\t\t\t\t<div class=\"elementor-column elementor-col-50 elementor-top-column elementor-element elementor-element-01936cf\" data-id=\"01936cf\" data-element_type=\"column\">\n\t\t\t<div class=\"elementor-column-wrap elementor-element-populated\">\n\t\t\t\t\t\t\t<div class=\"elementor-widget-wrap\">\n\t\t\t\t\t\t<div class=\"elementor-element elementor-element-c2299b0 elementor-widget elementor-widget-image\" data-id=\"c2299b0\" data-element_type=\"widget\" data-widget_type=\"image.default\">\n\t\t\t\t<div class=\"elementor-widget-container\">\n\t\t\t\t\t<div class=\"elementor-image\">\n\t\t\t\t\t\t\t\t\t\t<img width=\"657\" height=\"657\" src=\"http:\/\/hervelinghen.fr\/wp-content\/uploads\/2020\/10\/mairie.jpg\" class=\"attachment-large size-large\" alt=\"\" loading=\"lazy\" srcset=\"http:\/\/hervelinghen.fr\/wp-content\/uploads\/2020\/10\/mairie.jpg 657w, http:\/\/hervelinghen.fr\/wp-content\/uploads\/2020\/10\/mairie-300x300.jpg 300w, http:\/\/hervelinghen.fr\/wp-content\/uploads\/2020\/10\/mairie-150x150.jpg 150w, http:\/\/hervelinghen.fr\/wp-content\/uploads\/2020\/10\/mairie-600x600.jpg 600w, http:\/\/hervelinghen.fr\/wp-content\/uploads\/2020\/10\/mairie-100x100.jpg 100w\" sizes=\"(max-width: 657px) 100vw, 657px\" \/>\t\t\t\t\t\t\t\t\t\t\t<\/div>\n\t\t\t\t<\/div>\n\t\t\t\t<\/div>\n\t\t\t\t\t\t<\/div>\n\t\t\t\t\t<\/div>\n\t\t<\/div>\n\t\t\t\t<div class=\"elementor-column elementor-col-50 elementor-top-column elementor-element elementor-element-ee0db3f\" data-id=\"ee0db3f\" data-element_type=\"column\">\n\t\t\t<div class=\"elementor-column-wrap elementor-element-populated\">\n\t\t\t\t\t\t\t<div class=\"elementor-widget-wrap\">\n\t\t\t\t\t\t<div class=\"elementor-element elementor-element-7a3b12a elementor-widget elementor-widget-text-editor\" data-id=\"7a3b12a\" data-element_type=\"widget\" data-widget_type=\"text-editor.default\">\n\t\t\t\t<div class=\"elementor-widget-container\">\n\t\t\t\t\t<div class=\"elementor-text-editor elementor-clearfix\"><p>Mairie de Hervelinghen :<\/p><p>455, rue principale<br \/>62179 HERVELINGHEN<\/p><p>Tel : 03 21 35 92 22<\/p><p>Les permanences de la mairie se d\u00e9roulent le <strong>lundi<\/strong> de 14h30 \u00e0 17h30 et le <strong>vendredi<\/strong> de 14h30 \u00e0 16h30.<\/p><p>Secr\u00e9taire de mairie : Mme R\u00e9gine LANNOY<\/p><\/div>\n\t\t\t\t<\/div>\n\t\t\t\t<\/div>\n\t\t\t\t\t\t<\/div>\n\t\t\t\t\t<\/div>\n\t\t<\/div>\n\t\t\t\t\t\t\t\t<\/div>\n\t\t\t\t\t<\/div>\n\t\t<\/section>\n\t\t\t\t\t\t<\/div>\n\t\t\t\t\t\t<\/div>\n\t\t\t\t\t<\/div>\n\t\t","protected":false},"excerpt":{"rendered":"<p>Mairie de Hervelinghen : 455, rue principale62179 HERVELINGHEN Tel : 03 21 35 92 22 Les permanences de la mairie se d\u00e9roulent le lundi de 14h30 \u00e0 17h30 et le vendredi de 14h30 \u00e0 16h30. Secr\u00e9taire de mairie : Mme &hellip; <a href=\"http:\/\/hervelinghen.fr\/?page_id=75\">Lire la suite\u00ad\u00ad<\/a><\/p>\n","protected":false},"author":1,"featured_media":0,"parent":0,"menu_order":0,"comment_status":"closed","ping_status":"closed","template":"","meta":{"kt_blocks_editor_width":""},"yoast_head":"<!-- This site is optimized with the Yoast SEO plugin v15.3 - https:\/\/yoast.com\/wordpress\/plugins\/seo\/ -->\n<title>Coordonn\u00e9es et permanence - Hervelinghen<\/title>\n<meta name=\"robots\" content=\"index, follow, max-snippet:-1, max-image-preview:large, max-video-preview:-1\" \/>\n<link rel=\"canonical\" href=\"http:\/\/hervelinghen.fr\/?page_id=75\" \/>\n<meta property=\"og:locale\" content=\"fr_FR\" \/>\n<meta property=\"og:type\" content=\"article\" \/>\n<meta property=\"og:title\" content=\"Coordonn\u00e9es et permanence - Hervelinghen\" \/>\n<meta property=\"og:description\" content=\"Mairie de Hervelinghen : 455, rue principale62179 HERVELINGHEN Tel : 03 21 35 92 22 Les permanences de la mairie se d\u00e9roulent le lundi de 14h30 \u00e0 17h30 et le vendredi de 14h30 \u00e0 16h30. Secr\u00e9taire de mairie : Mme &hellip; Lire la suite\u00ad\u00ad\" \/>\n<meta property=\"og:url\" content=\"http:\/\/hervelinghen.fr\/?page_id=75\" \/>\n<meta property=\"og:site_name\" content=\"Hervelinghen\" \/>\n<meta property=\"article:modified_time\" content=\"2021-09-24T15:35:36+00:00\" \/>\n<meta property=\"og:image\" content=\"http:\/\/hervelinghen.fr\/wp-content\/uploads\/2020\/10\/mairie.jpg\" \/>\n<meta name=\"twitter:card\" content=\"summary_large_image\" \/>\n<meta name=\"twitter:label1\" content=\"\u00c9crit par\">\n\t<meta name=\"twitter:data1\" content=\"admin8904\">\n\t<meta name=\"twitter:label2\" content=\"Dur\u00e9e de lecture est.\">\n\t<meta name=\"twitter:data2\" content=\"0 minute\">\n<script type=\"application\/ld+json\" class=\"yoast-schema-graph\">{\"@context\":\"https:\/\/schema.org\",\"@graph\":[{\"@type\":\"WebSite\",\"@id\":\"http:\/\/hervelinghen.fr\/#website\",\"url\":\"http:\/\/hervelinghen.fr\/\",\"name\":\"Hervelinghen\",\"description\":\"Bien vivre ensemble\",\"potentialAction\":[{\"@type\":\"SearchAction\",\"target\":\"http:\/\/hervelinghen.fr\/?s={search_term_string}\",\"query-input\":\"required name=search_term_string\"}],\"inLanguage\":\"fr-FR\"},{\"@type\":\"ImageObject\",\"@id\":\"http:\/\/hervelinghen.fr\/?page_id=75#primaryimage\",\"inLanguage\":\"fr-FR\",\"url\":\"http:\/\/hervelinghen.fr\/wp-content\/uploads\/2020\/10\/mairie.jpg\",\"width\":657,\"height\":657},{\"@type\":\"WebPage\",\"@id\":\"http:\/\/hervelinghen.fr\/?page_id=75#webpage\",\"url\":\"http:\/\/hervelinghen.fr\/?page_id=75\",\"name\":\"Coordonn\\u00e9es et permanence - Hervelinghen\",\"isPartOf\":{\"@id\":\"http:\/\/hervelinghen.fr\/#website\"},\"primaryImageOfPage\":{\"@id\":\"http:\/\/hervelinghen.fr\/?page_id=75#primaryimage\"},\"datePublished\":\"2020-09-27T15:35:35+00:00\",\"dateModified\":\"2021-09-24T15:35:36+00:00\",\"inLanguage\":\"fr-FR\",\"potentialAction\":[{\"@type\":\"ReadAction\",\"target\":[\"http:\/\/hervelinghen.fr\/?page_id=75\"]}]}]}<\/script>\n<!-- \/ Yoast SEO plugin. -->","_links":{"self":[{"href":"http:\/\/hervelinghen.fr\/index.php?rest_route=\/wp\/v2\/pages\/75"}],"collection":[{"href":"http:\/\/hervelinghen.fr\/index.php?rest_route=\/wp\/v2\/pages"}],"about":[{"href":"http:\/\/hervelinghen.fr\/index.php?rest_route=\/wp\/v2\/types\/page"}],"author":[{"embeddable":true,"href":"http:\/\/hervelinghen.fr\/index.php?rest_route=\/wp\/v2\/users\/1"}],"replies":[{"embeddable":true,"href":"http:\/\/hervelinghen.fr\/index.php?rest_route=%2Fwp%2Fv2%2Fcomments&post=75"}],"version-history":[{"count":15,"href":"http:\/\/hervelinghen.fr\/index.php?rest_route=\/wp\/v2\/pages\/75\/revisions"}],"predecessor-version":[{"id":1592,"href":"http:\/\/hervelinghen.fr\/index.php?rest_route=\/wp\/v2\/pages\/75\/revisions\/1592"}],"wp:attachment":[{"href":"http:\/\/hervelinghen.fr\/index.php?rest_route=%2Fwp%2Fv2%2Fmedia&parent=75"}],"curies":[{"name":"wp","href":"https:\/\/api.w.org\/{rel}","templated":true}]}}