{"id":77,"date":"2020-09-27T17:35:59","date_gmt":"2020-09-27T15:35:59","guid":{"rendered":"http:\/\/hervelinghen.fr\/?page_id=77"},"modified":"2023-09-26T10:56:48","modified_gmt":"2023-09-26T08:56:48","slug":"cr-du-conseil-municipal","status":"publish","type":"page","link":"http:\/\/hervelinghen.fr\/?page_id=77","title":{"rendered":"CR du Conseil municipal"},"content":{"rendered":"<ul>\n<li>25 novembre 2022 : Compte rendu de la r\u00e9union : <a href=\"http:\/\/hervelinghen.fr\/wp-content\/uploads\/2023\/09\/COMPTE-RENDU-CM-DU-25-NOVEMBRE-2022-2.pdf\">pdf<\/a><\/li>\n<li>29 septembre 2022 : Compte rendu de la r\u00e9union : <a href=\"http:\/\/hervelinghen.fr\/wp-content\/uploads\/2023\/09\/cm-du-29-septembre-2022-1.pdf\">pdf<\/a><\/li>\n<li>13 septembre 2022 : Compte rendu de la r\u00e9union : <a href=\"http:\/\/hervelinghen.fr\/wp-content\/uploads\/2023\/09\/Compte-rendu-du-CM-du-13-septembre-2022.pdf\">pdf<\/a><\/li>\n<li>17 mai 2022 : Compte rendu de la r\u00e9union : <a href=\"http:\/\/hervelinghen.fr\/wp-content\/uploads\/2023\/09\/PV-du-CM-du-17-mai-2022.pdf\">pdf<\/a><\/li>\n<li>7 avril 2022 : Compte rendu de la r\u00e9union : <a href=\"http:\/\/hervelinghen.fr\/wp-content\/uploads\/2023\/09\/pv-du-CM-du-7-avril-2022.pdf\">pdf<\/a><\/li>\n<li>22 mars 2022 : Compte rendu de la r\u00e9union :\u00a0<a href=\"http:\/\/hervelinghen.fr\/wp-content\/uploads\/2023\/09\/pv-du-22-mars-2022.pdf\">pdf<\/a><\/li>\n<li>18 janvier 2022 : Compte rendu de la r\u00e9union : <a href=\"http:\/\/hervelinghen.fr\/wp-content\/uploads\/2022\/02\/PV-du-CM-du-18-janvier-2022.pdf\" target=\"_blank\" rel=\"noopener noreferrer\">pdf<\/a><\/li>\n<li>8 d\u00e9cembre 2021 : Compte rendu de la r\u00e9union : <a href=\"http:\/\/hervelinghen.fr\/wp-content\/uploads\/2021\/12\/CR-du-8-decembre-2021-test-1.pdf\" target=\"_blank\" rel=\"noopener noreferrer\">pdf<\/a><\/li>\n<li>23 novembre 2021 : Compte rendu de la r\u00e9union : <a href=\"http:\/\/hervelinghen.fr\/wp-content\/uploads\/2021\/12\/Scan_20211126_171320.pdf\" target=\"_blank\" rel=\"noopener noreferrer\">pdf<\/a><\/li>\n<li>21 septembre 2021 : Compte rendu de la r\u00e9union : <a href=\"http:\/\/hervelinghen.fr\/wp-content\/uploads\/2021\/09\/PV-CM-DU-21-SEPTEMBRE-2021.pdf\">pdf<\/a><\/li>\n<li>02 juin 2021 : Compte rendu de la r\u00e9union : <a href=\"http:\/\/hervelinghen.fr\/wp-content\/uploads\/2021\/06\/PV-de-la-re\u0301union-de-CM-du-02-juin-2021.pdf\">pdf<\/a><\/li>\n<li>22 avril 2021 : Compte rendu de la r\u00e9union : <a href=\"http:\/\/hervelinghen.fr\/wp-content\/uploads\/2021\/05\/PV-du-CM-du-22-avril-2021.pdf\">pdf<\/a><\/li>\n<li>18 mars 2021 : Compte rendu de la r\u00e9union : <a href=\"http:\/\/hervelinghen.fr\/wp-content\/uploads\/2021\/05\/PV-du-CM-du-18-mars-2021.pdf\">pdf<\/a><\/li>\n<li>19 novembre 2020 : Compte rendu de la r\u00e9union : <a href=\"http:\/\/hervelinghen.fr\/wp-content\/uploads\/2021\/01\/Proces-verbal-de-la-reunion-de-conseil-municipal-du-19-novembre-2020.pdf\">pdf<\/a><\/li>\n<li>9 septembre 2020 : Compte rendu de la r\u00e9union : <a href=\"http:\/\/hervelinghen.fr\/wp-content\/uploads\/2020\/11\/PV-du-CM-du-9-septembre-2020.pdf\">pdf<\/a><\/li>\n<li>15 juillet 2020 : Compte rendu de la r\u00e9union : <a href=\"http:\/\/hervelinghen.fr\/wp-content\/uploads\/2020\/11\/PV-du-CM-du-15-juillet-2020.pdf\">pdf<\/a><\/li>\n<li>5 juin 2020 : Compte rendu de d\u00e9lib\u00e9ration : <a href=\"http:\/\/hervelinghen.fr\/wp-content\/uploads\/2020\/11\/P-V-du-CM-du-05-juin-2020.pdf\">pdf<\/a><\/li>\n<\/ul>\n","protected":false},"excerpt":{"rendered":"<p>25 novembre 2022 : Compte rendu de la r\u00e9union : pdf 29 septembre 2022 : Compte rendu de la r\u00e9union : pdf 13 septembre 2022 : Compte rendu de la r\u00e9union : pdf 17 mai 2022 : Compte rendu de &hellip; <a href=\"http:\/\/hervelinghen.fr\/?page_id=77\">Lire la suite\u00ad\u00ad<\/a><\/p>\n","protected":false},"author":1,"featured_media":0,"parent":0,"menu_order":0,"comment_status":"closed","ping_status":"closed","template":"","meta":{"kt_blocks_editor_width":""},"yoast_head":"<!-- This site is optimized with the Yoast SEO plugin v15.3 - https:\/\/yoast.com\/wordpress\/plugins\/seo\/ -->\n<title>CR du Conseil municipal - Hervelinghen<\/title>\n<meta name=\"robots\" content=\"index, follow, max-snippet:-1, max-image-preview:large, max-video-preview:-1\" \/>\n<link rel=\"canonical\" href=\"http:\/\/hervelinghen.fr\/?page_id=77\" \/>\n<meta property=\"og:locale\" content=\"fr_FR\" \/>\n<meta property=\"og:type\" content=\"article\" \/>\n<meta property=\"og:title\" content=\"CR du Conseil municipal - Hervelinghen\" \/>\n<meta property=\"og:description\" content=\"25 novembre 2022 : Compte rendu de la r\u00e9union : pdf 29 septembre 2022 : Compte rendu de la r\u00e9union : pdf 13 septembre 2022 : Compte rendu de la r\u00e9union : pdf 17 mai 2022 : Compte rendu de &hellip; Lire la suite\u00ad\u00ad\" \/>\n<meta property=\"og:url\" content=\"http:\/\/hervelinghen.fr\/?page_id=77\" \/>\n<meta property=\"og:site_name\" content=\"Hervelinghen\" \/>\n<meta property=\"article:modified_time\" content=\"2023-09-26T08:56:48+00:00\" \/>\n<meta name=\"twitter:card\" content=\"summary_large_image\" \/>\n<meta name=\"twitter:label1\" content=\"\u00c9crit par\">\n\t<meta name=\"twitter:data1\" content=\"admin8904\">\n\t<meta name=\"twitter:label2\" content=\"Dur\u00e9e de lecture est.\">\n\t<meta name=\"twitter:data2\" content=\"1 minute\">\n<script type=\"application\/ld+json\" class=\"yoast-schema-graph\">{\"@context\":\"https:\/\/schema.org\",\"@graph\":[{\"@type\":\"WebSite\",\"@id\":\"http:\/\/hervelinghen.fr\/#website\",\"url\":\"http:\/\/hervelinghen.fr\/\",\"name\":\"Hervelinghen\",\"description\":\"Bien vivre ensemble\",\"potentialAction\":[{\"@type\":\"SearchAction\",\"target\":\"http:\/\/hervelinghen.fr\/?s={search_term_string}\",\"query-input\":\"required name=search_term_string\"}],\"inLanguage\":\"fr-FR\"},{\"@type\":\"WebPage\",\"@id\":\"http:\/\/hervelinghen.fr\/?page_id=77#webpage\",\"url\":\"http:\/\/hervelinghen.fr\/?page_id=77\",\"name\":\"CR du Conseil municipal - Hervelinghen\",\"isPartOf\":{\"@id\":\"http:\/\/hervelinghen.fr\/#website\"},\"datePublished\":\"2020-09-27T15:35:59+00:00\",\"dateModified\":\"2023-09-26T08:56:48+00:00\",\"inLanguage\":\"fr-FR\",\"potentialAction\":[{\"@type\":\"ReadAction\",\"target\":[\"http:\/\/hervelinghen.fr\/?page_id=77\"]}]}]}<\/script>\n<!-- \/ Yoast SEO plugin. -->","_links":{"self":[{"href":"http:\/\/hervelinghen.fr\/index.php?rest_route=\/wp\/v2\/pages\/77"}],"collection":[{"href":"http:\/\/hervelinghen.fr\/index.php?rest_route=\/wp\/v2\/pages"}],"about":[{"href":"http:\/\/hervelinghen.fr\/index.php?rest_route=\/wp\/v2\/types\/page"}],"author":[{"embeddable":true,"href":"http:\/\/hervelinghen.fr\/index.php?rest_route=\/wp\/v2\/users\/1"}],"replies":[{"embeddable":true,"href":"http:\/\/hervelinghen.fr\/index.php?rest_route=%2Fwp%2Fv2%2Fcomments&post=77"}],"version-history":[{"count":24,"href":"http:\/\/hervelinghen.fr\/index.php?rest_route=\/wp\/v2\/pages\/77\/revisions"}],"predecessor-version":[{"id":1675,"href":"http:\/\/hervelinghen.fr\/index.php?rest_route=\/wp\/v2\/pages\/77\/revisions\/1675"}],"wp:attachment":[{"href":"http:\/\/hervelinghen.fr\/index.php?rest_route=%2Fwp%2Fv2%2Fmedia&parent=77"}],"curies":[{"name":"wp","href":"https:\/\/api.w.org\/{rel}","templated":true}]}}