{"id":85,"date":"2020-09-27T17:37:18","date_gmt":"2020-09-27T15:37:18","guid":{"rendered":"http:\/\/hervelinghen.fr\/?page_id=85"},"modified":"2021-01-06T23:34:50","modified_gmt":"2021-01-06T22:34:50","slug":"urbanisme","status":"publish","type":"page","link":"http:\/\/hervelinghen.fr\/?page_id=85","title":{"rendered":"Urbanisme"},"content":{"rendered":"<div class=\"hat field-items\">\n<p style=\"text-align: left;\"><strong>Vous projetez de r\u00e9aliser des travaux ou de r\u00e9nover votre habitation :\u00a0<\/strong><strong>Retrouvez les d\u00e9marches \u00e0 effectuer avant de vous lancer !<\/strong><\/p>\n<hr \/>\n<\/div>\n<div class=\"paragraphs-items paragraphs-items-field-content paragraphs-items-field-content-full paragraphs-items-full rte\">\n<div class=\"field field-name-field-content field-type-paragraphs field-label-hidden\">\n<div class=\"field-item\">\n<div class=\"entity entity-paragraphs-item paragraphs-item-full-html\">\n<div class=\"content\">\n<div class=\"field field-name-field-text field-type-text-long field-label-hidden\">\n<div class=\"field-item\">\n<p>Selon l\u2019importance des travaux, d\u00e9\u00adtermin\u00e9e par la surface de plancher ou l\u2019emprise au sol, il faut demander un permis de construire ou une d\u00e9cla\u00adration pr\u00e9alable de travaux.<\/p>\n<p>Il convient de v\u00e9rifier \u00e9galement la coh\u00e9rence du projet avec le Plan Local d\u2019Urbanisme.<\/p>\n<p>Avant d&rsquo;envisager des travaux, il est recommand\u00e9 de demander un certificat d&rsquo;urbanisme pour obtenir des informations sur le terrain faisant l&rsquo;objet de travaux.<\/p>\n<hr \/>\n<\/div>\n<\/div>\n<\/div>\n<\/div>\n<\/div>\n<\/div>\n<\/div>\n<p style=\"text-align: left;\">L&rsquo;instruction des autorisations d&rsquo;urbanisme est effectu\u00e9e par la Communaut\u00e9 de Communes de la Terre des 2 Caps.<\/p>\n<p style=\"text-align: left;\"><strong>La Mairie reste cependant l&rsquo;unique interlocuteur pour le d\u00e9p\u00f4t de vos dossiers. <\/strong><\/p>\n<p style=\"text-align: left;\"><strong><em>Pour r\u00e9pondre \u00e0 vos attentes (questions sur le PLUi, faisabilit\u00e9 de votre projet&#8230;) des instructeurs de la Terre des 2 caps se tiennent \u00e0 votre disposition \u00e0 l&rsquo;h\u00f4tel communautaire \u00e0 Marquise, sur rendez-vous : <\/em><em>le mardi et le jeudi de 14h \u00e0 17h.<\/em><\/strong><\/p>\n<p style=\"text-align: left;\"><strong>Prise de rdv par t\u00e9l\u00e9phone au 03.21.87.57.57\u00a0ou par mail \u00e0 <a href=\"mailto:droit-des-sols@terredes2caps.com\">droit-des-sols@terredes2caps.com<\/a><\/strong><\/p>\n<hr \/>\n<p>Liens utiles :<\/p>\n<p><a href=\"https:\/\/www.service-public.fr\/particuliers\/vosdroits\/R1970\">Certificat d\u2019urbanisme<\/a><\/p>\n<p><a href=\"https:\/\/www.service-public.fr\/particuliers\/vosdroits\/R1980\">Demande de permis de d\u00e9molir<\/a><\/p>\n<p><a href=\"https:\/\/www.service-public.fr\/particuliers\/vosdroits\/R2028\">D\u00e9claration pr\u00e9alable de travaux<\/a><\/p>\n<p><a href=\"https:\/\/www.service-public.fr\/particuliers\/vosdroits\/R2028\">Demande de permis de construire<\/a><\/p>\n<p><a href=\"https:\/\/www.service-public.fr\/particuliers\/vosdroits\/F17665\">Demande de permis d\u2019am\u00e9nager<\/a><\/p>\n<p><a href=\"https:\/\/www.service-public.fr\/particuliers\/vosdroits\/F17665\">D\u00e9claration d\u2019ouverture de chantier<\/a><\/p>\n<p><a href=\"https:\/\/www.service-public.fr\/particuliers\/vosdroits\/F1988\">Affichage de l\u2019autorisation d\u2019urbanisme<\/a><\/p>\n<p><a href=\"https:\/\/www.service-public.fr\/particuliers\/vosdroits\/R1978\">D\u00e9claration attestant de l\u2019ach\u00e8vement et de la conformit\u00e9 des travaux<\/a><\/p>\n<p><a href=\"https:\/\/www.service-public.fr\/particuliers\/vosdroits\/R1970\">Certificat d\u2019urbanisme<\/a><\/p>\n<p><a href=\"https:\/\/www.service-public.fr\/particuliers\/vosdroits\/F1988\">Affichage de l\u2019autorisation d\u2019urbanisme<\/a><\/p>\n<p><a href=\"https:\/\/www.service-public.fr\/particuliers\/vosdroits\/R1978\">D\u00e9claration attestant de l\u2019ach\u00e8vement et de la conformit\u00e9 des travaux<\/a><\/p>\n<p><a title=\"recherche cadastre\" href=\"http:\/\/www.cadastre.gouv.fr\/scpc\/rechercherPlan.do#\" target=\"_blank\" rel=\"noopener noreferrer\">Cadastre<\/a><\/p>\n<p><a href=\"http:\/\/www.terredes2caps.fr\/fr\/vie_quotidienne\/l_urbanisme\/plui\">PLUi version compl\u00e8te<\/a><\/p>\n","protected":false},"excerpt":{"rendered":"<p>Vous projetez de r\u00e9aliser des travaux ou de r\u00e9nover votre habitation :\u00a0Retrouvez les d\u00e9marches \u00e0 effectuer avant de vous lancer ! Selon l\u2019importance des travaux, d\u00e9\u00adtermin\u00e9e par la surface de plancher ou l\u2019emprise au sol, il faut demander un permis &hellip; <a href=\"http:\/\/hervelinghen.fr\/?page_id=85\">Lire la suite\u00ad\u00ad<\/a><\/p>\n","protected":false},"author":1,"featured_media":0,"parent":0,"menu_order":0,"comment_status":"closed","ping_status":"closed","template":"","meta":{"kt_blocks_editor_width":""},"yoast_head":"<!-- This site is optimized with the Yoast SEO plugin v15.3 - https:\/\/yoast.com\/wordpress\/plugins\/seo\/ -->\n<title>Urbanisme - Hervelinghen<\/title>\n<meta name=\"robots\" content=\"index, follow, max-snippet:-1, max-image-preview:large, max-video-preview:-1\" \/>\n<link rel=\"canonical\" href=\"https:\/\/hervelinghen.fr\/?page_id=85\" \/>\n<meta property=\"og:locale\" content=\"fr_FR\" \/>\n<meta property=\"og:type\" content=\"article\" \/>\n<meta property=\"og:title\" content=\"Urbanisme - Hervelinghen\" \/>\n<meta property=\"og:description\" content=\"Vous projetez de r\u00e9aliser des travaux ou de r\u00e9nover votre habitation :\u00a0Retrouvez les d\u00e9marches \u00e0 effectuer avant de vous lancer ! Selon l\u2019importance des travaux, d\u00e9\u00adtermin\u00e9e par la surface de plancher ou l\u2019emprise au sol, il faut demander un permis &hellip; Lire la suite\u00ad\u00ad\" \/>\n<meta property=\"og:url\" content=\"https:\/\/hervelinghen.fr\/?page_id=85\" \/>\n<meta property=\"og:site_name\" content=\"Hervelinghen\" \/>\n<meta property=\"article:modified_time\" content=\"2021-01-06T22:34:50+00:00\" \/>\n<meta name=\"twitter:card\" content=\"summary_large_image\" \/>\n<meta name=\"twitter:label1\" content=\"\u00c9crit par\">\n\t<meta name=\"twitter:data1\" content=\"admin8904\">\n\t<meta name=\"twitter:label2\" content=\"Dur\u00e9e de lecture est.\">\n\t<meta name=\"twitter:data2\" content=\"1 minute\">\n<script type=\"application\/ld+json\" class=\"yoast-schema-graph\">{\"@context\":\"https:\/\/schema.org\",\"@graph\":[{\"@type\":\"WebSite\",\"@id\":\"http:\/\/hervelinghen.fr\/#website\",\"url\":\"http:\/\/hervelinghen.fr\/\",\"name\":\"Hervelinghen\",\"description\":\"Bien vivre ensemble\",\"potentialAction\":[{\"@type\":\"SearchAction\",\"target\":\"http:\/\/hervelinghen.fr\/?s={search_term_string}\",\"query-input\":\"required name=search_term_string\"}],\"inLanguage\":\"fr-FR\"},{\"@type\":\"WebPage\",\"@id\":\"https:\/\/hervelinghen.fr\/?page_id=85#webpage\",\"url\":\"https:\/\/hervelinghen.fr\/?page_id=85\",\"name\":\"Urbanisme - Hervelinghen\",\"isPartOf\":{\"@id\":\"http:\/\/hervelinghen.fr\/#website\"},\"datePublished\":\"2020-09-27T15:37:18+00:00\",\"dateModified\":\"2021-01-06T22:34:50+00:00\",\"inLanguage\":\"fr-FR\",\"potentialAction\":[{\"@type\":\"ReadAction\",\"target\":[\"https:\/\/hervelinghen.fr\/?page_id=85\"]}]}]}<\/script>\n<!-- \/ Yoast SEO plugin. -->","_links":{"self":[{"href":"http:\/\/hervelinghen.fr\/index.php?rest_route=\/wp\/v2\/pages\/85"}],"collection":[{"href":"http:\/\/hervelinghen.fr\/index.php?rest_route=\/wp\/v2\/pages"}],"about":[{"href":"http:\/\/hervelinghen.fr\/index.php?rest_route=\/wp\/v2\/types\/page"}],"author":[{"embeddable":true,"href":"http:\/\/hervelinghen.fr\/index.php?rest_route=\/wp\/v2\/users\/1"}],"replies":[{"embeddable":true,"href":"http:\/\/hervelinghen.fr\/index.php?rest_route=%2Fwp%2Fv2%2Fcomments&post=85"}],"version-history":[{"count":13,"href":"http:\/\/hervelinghen.fr\/index.php?rest_route=\/wp\/v2\/pages\/85\/revisions"}],"predecessor-version":[{"id":1476,"href":"http:\/\/hervelinghen.fr\/index.php?rest_route=\/wp\/v2\/pages\/85\/revisions\/1476"}],"wp:attachment":[{"href":"http:\/\/hervelinghen.fr\/index.php?rest_route=%2Fwp%2Fv2%2Fmedia&parent=85"}],"curies":[{"name":"wp","href":"https:\/\/api.w.org\/{rel}","templated":true}]}}